{"id":118893,"date":"2022-12-14T21:12:26","date_gmt":"2022-12-14T21:12:26","guid":{"rendered":"https:\/\/landenberg.ch\/a-propos-de-nous\/"},"modified":"2026-02-20T10:05:47","modified_gmt":"2026-02-20T10:05:47","slug":"a-propos-de-nous","status":"publish","type":"page","link":"https:\/\/landenberg.ch\/fr\/a-propos-de-nous\/","title":{"rendered":"\u00c0 propos de nous"},"content":{"rendered":"<div class=\"wpb-content-wrapper\"><p>[vc_row row_height_percent=\u00a0\u00bb100&Prime; override_padding=\u00a0\u00bbyes\u00a0\u00bb h_padding=\u00a0\u00bb2&Prime; top_padding=\u00a0\u00bb7&Prime; bottom_padding=\u00a0\u00bb7&Prime; back_color=\u00a0\u00bbcolor-nhtu\u00a0\u00bb back_image=\u00a0\u00bb118090&Prime; back_position=\u00a0\u00bbcenter top\u00a0\u00bb overlay_color=\u00a0\u00bbcolor-nhtu\u00a0\u00bb overlay_alpha=\u00a0\u00bb15&Prime; gutter_size=\u00a0\u00bb4&Prime; column_width_percent=\u00a0\u00bb100&Prime; shift_y=\u00a0\u00bb0&Prime; z_index=\u00a0\u00bb0&Prime; enable_bottom_divider=\u00a0\u00bbdefault\u00a0\u00bb bottom_divider=\u00a0\u00bbgradient\u00a0\u00bb shape_bottom_h_use_pixel=\u00a0\u00bbtrue\u00a0\u00bb shape_bottom_height_percent=\u00a0\u00bb65&Prime; shape_bottom_color=\u00a0\u00bbcolor-jevc\u00a0\u00bb shape_bottom_opacity=\u00a0\u00bb65&Prime; shape_bottom_index=\u00a0\u00bb0&Prime; uncode_shortcode_id=\u00a0\u00bb175890&Prime; back_color_type=\u00a0\u00bbuncode-palette\u00a0\u00bb overlay_color_type=\u00a0\u00bbuncode-palette\u00a0\u00bb shape_bottom_color_type=\u00a0\u00bbuncode-palette\u00a0\u00bb][vc_column column_width_percent=\u00a0\u00bb100&Prime; position_vertical=\u00a0\u00bbmiddle\u00a0\u00bb gutter_size=\u00a0\u00bb2&Prime; style=\u00a0\u00bbdark\u00a0\u00bb overlay_alpha=\u00a0\u00bb50&Prime; shift_x=\u00a0\u00bb0&Prime; shift_y=\u00a0\u00bb0&Prime; shift_y_down=\u00a0\u00bb0&Prime; z_index=\u00a0\u00bb0&Prime; medium_width=\u00a0\u00bb0&Prime; mobile_width=\u00a0\u00bb0&Prime; parallax_intensity=\u00a0\u00bb3&Prime; parallax_centered=\u00a0\u00bbyes\u00a0\u00bb width=\u00a0\u00bb1\/1&Prime; uncode_shortcode_id=\u00a0\u00bb146088&Prime;][vc_row_inner row_inner_height_percent=\u00a0\u00bb0&Prime; overlay_alpha=\u00a0\u00bb50&Prime; gutter_size=\u00a0\u00bb4&Prime; shift_y=\u00a0\u00bb0&Prime; z_index=\u00a0\u00bb0&Prime; limit_content=\u00a0\u00bb\u00a0\u00bb uncode_shortcode_id=\u00a0\u00bb475311&Prime;][vc_column_inner column_width_percent=\u00a0\u00bb100&Prime; position_vertical=\u00a0\u00bbmiddle\u00a0\u00bb gutter_size=\u00a0\u00bb2&Prime; style=\u00a0\u00bbdark\u00a0\u00bb overlay_alpha=\u00a0\u00bb50&Prime; shift_x=\u00a0\u00bb0&Prime; shift_y=\u00a0\u00bb0&Prime; shift_y_down=\u00a0\u00bb0&Prime; z_index=\u00a0\u00bb0&Prime; medium_width=\u00a0\u00bb0&Prime; mobile_width=\u00a0\u00bb0&Prime; width=\u00a0\u00bb7\/12&Prime;][vc_custom_heading heading_semantic=\u00a0\u00bbh1&Prime; text_size=\u00a0\u00bb\u00a0\u00bb text_weight=\u00a0\u00bb300&Prime; uncode_shortcode_id=\u00a0\u00bb315832&Prime;]Une entreprise familiale depuis 50 ans[\/vc_custom_heading][vc_empty_space empty_h=\u00a0\u00bb1&Prime;][\/vc_column_inner][vc_column_inner column_width_percent=\u00a0\u00bb100&Prime; position_vertical=\u00a0\u00bbmiddle\u00a0\u00bb align_horizontal=\u00a0\u00bbalign_center\u00a0\u00bb gutter_size=\u00a0\u00bb1&Prime; overlay_alpha=\u00a0\u00bb50&Prime; radius=\u00a0\u00bbsm\u00a0\u00bb shadow=\u00a0\u00bblg\u00a0\u00bb shadow_darker=\u00a0\u00bbyes\u00a0\u00bb shift_x=\u00a0\u00bb0&Prime; shift_y=\u00a0\u00bb0&Prime; shift_y_down=\u00a0\u00bb0&Prime; z_index=\u00a0\u00bb0&Prime; medium_visibility=\u00a0\u00bbyes\u00a0\u00bb medium_width=\u00a0\u00bb0&Prime; mobile_visibility=\u00a0\u00bbyes\u00a0\u00bb mobile_width=\u00a0\u00bb0&Prime; css_animation=\u00a0\u00bbzoom-in\u00a0\u00bb animation_speed=\u00a0\u00bb1000&Prime; animation_delay=\u00a0\u00bb1400&Prime; width=\u00a0\u00bb5\/12&Prime; uncode_shortcode_id=\u00a0\u00bb679590&Prime;][\/vc_column_inner][\/vc_row_inner][\/vc_column][\/vc_row][vc_row row_height_percent=\u00a0\u00bb0&Prime; override_padding=\u00a0\u00bbyes\u00a0\u00bb h_padding=\u00a0\u00bb2&Prime; top_padding=\u00a0\u00bb4&Prime; bottom_padding=\u00a0\u00bb2&Prime; overlay_alpha=\u00a0\u00bb50&Prime; gutter_size=\u00a0\u00bb3&Prime; column_width_percent=\u00a0\u00bb100&Prime; shift_y=\u00a0\u00bb0&Prime; z_index=\u00a0\u00bb0&Prime; uncode_shortcode_id=\u00a0\u00bb542404&Prime;][vc_column column_width_percent=\u00a0\u00bb100&Prime; gutter_size=\u00a0\u00bb2&Prime; override_padding=\u00a0\u00bbyes\u00a0\u00bb column_padding=\u00a0\u00bb0&Prime; overlay_alpha=\u00a0\u00bb50&Prime; radius=\u00a0\u00bbsm\u00a0\u00bb shift_x=\u00a0\u00bb0&Prime; shift_y=\u00a0\u00bb0&Prime; shift_y_down=\u00a0\u00bb0&Prime; z_index=\u00a0\u00bb0&Prime; medium_width=\u00a0\u00bb0&Prime; mobile_width=\u00a0\u00bb0&Prime; width=\u00a0\u00bb1\/1&Prime;][vc_row_inner][vc_column_inner width=\u00a0\u00bb1\/2&Prime;][vc_custom_heading uncode_shortcode_id=\u00a0\u00bb962470&Prime;]Nos valeurs[\/vc_custom_heading][vc_column_text uncode_shortcode_id=\u00a0\u00bb104644&Prime;]Dans notre entreprise familiale, les textiles d&rsquo;ameublement pour les rideaux et les meubles rembourr\u00e9s sont au centre de nos pr\u00e9occupations. En tant que maison d&rsquo;\u00e9dition textile nationale, nous nous effor\u00e7ons de mettre notre savoir-faire et notre enthousiasme pour les belles \u00e9toffes au service de la cr\u00e9ation d&rsquo;une large gamme de produits issus de notre propre collection et des collections de nos partenaires internationaux renomm\u00e9s.<\/p>\n<p>Notre \u00e9quipe s&rsquo;est donn\u00e9 pour mission d&rsquo;offrir \u00e0 nos clients le meilleur service possible. Nous attachons une grande importance \u00e0 une bonne relation avec nos clients et nos fournisseurs.[\/vc_column_text][vc_empty_space empty_h=\u00a0\u00bb3&Prime;][\/vc_column_inner][vc_column_inner width=\u00a0\u00bb1\/2&Prime;][\/vc_column_inner][\/vc_row_inner][\/vc_column][\/vc_row][vc_row row_height_percent=\u00a0\u00bb0&Prime; overlay_alpha=\u00a0\u00bb50&Prime; gutter_size=\u00a0\u00bb3&Prime; column_width_percent=\u00a0\u00bb100&Prime; shift_y=\u00a0\u00bb0&Prime; z_index=\u00a0\u00bb0&Prime; uncode_shortcode_id=\u00a0\u00bb613770&Prime;][vc_column width=\u00a0\u00bb1\/1&Prime;][vc_row_inner][vc_column_inner width=\u00a0\u00bb1\/1&Prime;][vc_custom_heading uncode_shortcode_id=\u00a0\u00bb103802&Prime;]\u00c9quipe[\/vc_custom_heading][\/vc_column_inner][\/vc_row_inner][vc_custom_heading text_size=\u00a0\u00bbh3&Prime; uncode_shortcode_id=\u00a0\u00bb132911&Prime;]Direction[\/vc_custom_heading][vc_row_inner][vc_column_inner width=\u00a0\u00bb1\/4&Prime;][vc_single_image media=\u00a0\u00bb119219&Prime; media_width_percent=\u00a0\u00bb100&Prime; shape=\u00a0\u00bbimg-circle\u00a0\u00bb uncode_shortcode_id=\u00a0\u00bb909105&Prime;][vc_custom_heading text_size=\u00a0\u00bbh4&Prime; separator=\u00a0\u00bbyes\u00a0\u00bb sub_reduced=\u00a0\u00bbyes\u00a0\u00bb uncode_shortcode_id=\u00a0\u00bb154636&Prime; text_color_type=\u00a0\u00bbuncode-palette\u00a0\u00bb text_color_solid=\u00a0\u00bb#ff0000&Prime; subheading=\u00a0\u00bb<strong>Direction | Service ext\u00e9rieur des ventes<\/strong><br \/>\nmailbox@landenberg.ch<br \/>\n+41 71 274 20 91&Prime;]Christian Brunner[\/vc_custom_heading][\/vc_column_inner][vc_column_inner width=\u00a0\u00bb1\/4&Prime;][\/vc_column_inner][vc_column_inner width=\u00a0\u00bb1\/4&Prime;][\/vc_column_inner][vc_column_inner width=\u00a0\u00bb1\/4&Prime;][\/vc_column_inner][\/vc_row_inner][vc_empty_space][vc_custom_heading text_size=\u00a0\u00bbh3&Prime; uncode_shortcode_id=\u00a0\u00bb178852&Prime;]Service ext\u00e9rieur[\/vc_custom_heading][vc_row_inner][vc_column_inner width=\u00a0\u00bb1\/4&Prime;][vc_single_image media=\u00a0\u00bb119219&Prime; media_width_percent=\u00a0\u00bb100&Prime; shape=\u00a0\u00bbimg-circle\u00a0\u00bb uncode_shortcode_id=\u00a0\u00bb151557&Prime;][vc_custom_heading text_size=\u00a0\u00bbh4&Prime; separator=\u00a0\u00bbyes\u00a0\u00bb sub_reduced=\u00a0\u00bbyes\u00a0\u00bb uncode_shortcode_id=\u00a0\u00bb101856&Prime; text_color_type=\u00a0\u00bbuncode-palette\u00a0\u00bb text_color_solid=\u00a0\u00bb#ff0000&Prime; subheading=\u00a0\u00bb<strong>Suisse orientale, Grisons<\/strong><br \/>\nchristian.brunner@landenberg.ch<br \/>\n+41 71 274 20 91&Prime;]Christian Brunner[\/vc_custom_heading][vc_single_image media=\u00a0\u00bb119157&Prime; media_width_percent=\u00a0\u00bb100&Prime; uncode_shortcode_id=\u00a0\u00bb287889&Prime; media_link=\u00a0\u00bburl:https%3A%2F%2Flandenberg.ch%2Fwp-content%2Fuploads%2F2023%2F09%2FSchweizerkarte-Gebiete-Christian-Brunner_LB_transparent.png|target:_blank\u00a0\u00bb][vc_empty_space empty_h=\u00a0\u00bb2&Prime; desktop_visibility=\u00a0\u00bbyes\u00a0\u00bb][\/vc_column_inner][vc_column_inner width=\u00a0\u00bb1\/4&Prime;][vc_single_image media=\u00a0\u00bb119133&Prime; media_width_percent=\u00a0\u00bb100&Prime; shape=\u00a0\u00bbimg-circle\u00a0\u00bb uncode_shortcode_id=\u00a0\u00bb116465&Prime;][vc_custom_heading text_size=\u00a0\u00bbh4&Prime; separator=\u00a0\u00bbyes\u00a0\u00bb sub_reduced=\u00a0\u00bbyes\u00a0\u00bb uncode_shortcode_id=\u00a0\u00bb208187&Prime; text_color_type=\u00a0\u00bbuncode-palette\u00a0\u00bb text_color_solid=\u00a0\u00bb#ff0000&Prime; subheading=\u00a0\u00bb<strong>Schaffhouse, Zurich, Suisse centrale, Oberland bernois, Tessin<\/strong><br \/>\neva.carbo@stardecor.ch<br \/>\n+41 79 463 70 91&Prime;]Eva Carb\u00f3[\/vc_custom_heading][vc_single_image media=\u00a0\u00bb119161&Prime; media_width_percent=\u00a0\u00bb100&Prime; uncode_shortcode_id=\u00a0\u00bb168369&Prime; media_link=\u00a0\u00bburl:https%3A%2F%2Flandenberg.ch%2Fwp-content%2Fuploads%2F2023%2F09%2FSchweizerkarte-Gebiete-Eva-Carbo_LB_transparent.png|target:_blank\u00a0\u00bb][vc_empty_space empty_h=\u00a0\u00bb2&Prime; desktop_visibility=\u00a0\u00bbyes\u00a0\u00bb][\/vc_column_inner][vc_column_inner width=\u00a0\u00bb1\/4&Prime;][vc_single_image media=\u00a0\u00bb119100&Prime; media_width_percent=\u00a0\u00bb100&Prime; shape=\u00a0\u00bbimg-circle\u00a0\u00bb uncode_shortcode_id=\u00a0\u00bb816101&Prime;][vc_custom_heading text_size=\u00a0\u00bbh4&Prime; separator=\u00a0\u00bbyes\u00a0\u00bb sub_reduced=\u00a0\u00bbyes\u00a0\u00bb uncode_shortcode_id=\u00a0\u00bb505298&Prime; text_color_type=\u00a0\u00bbuncode-palette\u00a0\u00bb text_color_solid=\u00a0\u00bb#ff0000&Prime; subheading=\u00a0\u00bb<strong>Berne, Soleure, B\u00e2le<\/strong><br \/>\nchristian.joehl@bluewin.ch<br \/>\n+41 79 218 37 16&Prime;]Christian J\u00f6hl[\/vc_custom_heading][vc_single_image media=\u00a0\u00bb119163&Prime; media_width_percent=\u00a0\u00bb100&Prime; uncode_shortcode_id=\u00a0\u00bb302467&Prime; media_link=\u00a0\u00bburl:https%3A%2F%2Flandenberg.ch%2Fwp-content%2Fuploads%2F2023%2F09%2FSchweizerkarte-Gebiete-Christian-Joehl_LB_transparent.png|target:_blank\u00a0\u00bb][vc_empty_space empty_h=\u00a0\u00bb2&Prime; desktop_visibility=\u00a0\u00bbyes\u00a0\u00bb][\/vc_column_inner][vc_column_inner width=\u00a0\u00bb1\/4&Prime;][vc_single_image media=\u00a0\u00bb119141&Prime; media_width_percent=\u00a0\u00bb100&Prime; shape=\u00a0\u00bbimg-circle\u00a0\u00bb uncode_shortcode_id=\u00a0\u00bb812519&Prime;][vc_custom_heading text_size=\u00a0\u00bbh4&Prime; separator=\u00a0\u00bbyes\u00a0\u00bb sub_reduced=\u00a0\u00bbyes\u00a0\u00bb uncode_shortcode_id=\u00a0\u00bb269013&Prime; text_color_type=\u00a0\u00bbuncode-palette\u00a0\u00bb text_color_solid=\u00a0\u00bb#ff0000&Prime; subheading=\u00a0\u00bb<strong>Fribourg, Gen\u00e8ve, Jura, Neuch\u00e2tel, Vaud, Valais<\/strong><br \/>\nclprestegaard@bluewin.ch<br \/>\n+41 79 771 76 04&Prime;]Claude-Alain Prestegaard[\/vc_custom_heading][vc_single_image media=\u00a0\u00bb119159&Prime; media_width_percent=\u00a0\u00bb100&Prime; uncode_shortcode_id=\u00a0\u00bb288881&Prime; media_link=\u00a0\u00bburl:https%3A%2F%2Flandenberg.ch%2Fwp-content%2Fuploads%2F2023%2F09%2FSchweizerkarte-Gebiete-Claude-Alain_LB_transparent.png|target:_blank\u00a0\u00bb][vc_empty_space empty_h=\u00a0\u00bb2&Prime; desktop_visibility=\u00a0\u00bbyes\u00a0\u00bb][\/vc_column_inner][\/vc_row_inner][vc_row_inner][vc_column_inner width=\u00a0\u00bb1\/4&Prime;][\/vc_column_inner][vc_column_inner width=\u00a0\u00bb1\/4&Prime;][\/vc_column_inner][vc_column_inner width=\u00a0\u00bb1\/4&Prime;][\/vc_column_inner][vc_column_inner width=\u00a0\u00bb1\/4&Prime;][\/vc_column_inner][\/vc_row_inner][vc_empty_space][vc_custom_heading text_size=\u00a0\u00bbh3&Prime; desktop_visibility=\u00a0\u00bbyes\u00a0\u00bb medium_visibility=\u00a0\u00bbyes\u00a0\u00bb mobile_visibility=\u00a0\u00bbyes\u00a0\u00bb uncode_shortcode_id=\u00a0\u00bb167293&Prime;]Service interne[\/vc_custom_heading][vc_row_inner row_inner_height_percent=\u00a0\u00bb0&Prime; overlay_alpha=\u00a0\u00bb50&Prime; gutter_size=\u00a0\u00bb3&Prime; shift_y=\u00a0\u00bb0&Prime; z_index=\u00a0\u00bb0&Prime; desktop_visibility=\u00a0\u00bbyes\u00a0\u00bb medium_visibility=\u00a0\u00bbyes\u00a0\u00bb mobile_visibility=\u00a0\u00bbyes\u00a0\u00bb uncode_shortcode_id=\u00a0\u00bb251717&Prime;][vc_column_inner width=\u00a0\u00bb1\/4&Prime;][vc_single_image media=\u00a0\u00bb7&Prime; media_width_percent=\u00a0\u00bb100&Prime; shape=\u00a0\u00bbimg-circle\u00a0\u00bb desktop_visibility=\u00a0\u00bbyes\u00a0\u00bb medium_visibility=\u00a0\u00bbyes\u00a0\u00bb mobile_visibility=\u00a0\u00bbyes\u00a0\u00bb uncode_shortcode_id=\u00a0\u00bb103861&Prime;][vc_custom_heading text_size=\u00a0\u00bbh4&Prime; separator=\u00a0\u00bbyes\u00a0\u00bb sub_reduced=\u00a0\u00bbyes\u00a0\u00bb uncode_shortcode_id=\u00a0\u00bb515056&Prime; text_color_type=\u00a0\u00bbuncode-palette\u00a0\u00bb text_color_solid=\u00a0\u00bb#ff0000&Prime; subheading=\u00a0\u00bb<strong>Service interne des ventes<\/strong><br \/>\nmailbox@landenberg.ch<br \/>\n+41 71 274 20 91&Prime;]Caroline Schildknecht[\/vc_custom_heading][\/vc_column_inner][vc_column_inner width=\u00a0\u00bb1\/4&Prime;][vc_single_image media=\u00a0\u00bb7&Prime; media_width_percent=\u00a0\u00bb100&Prime; shape=\u00a0\u00bbimg-circle\u00a0\u00bb desktop_visibility=\u00a0\u00bbyes\u00a0\u00bb medium_visibility=\u00a0\u00bbyes\u00a0\u00bb mobile_visibility=\u00a0\u00bbyes\u00a0\u00bb uncode_shortcode_id=\u00a0\u00bb745477&Prime;][vc_custom_heading text_size=\u00a0\u00bbh4&Prime; separator=\u00a0\u00bbyes\u00a0\u00bb sub_reduced=\u00a0\u00bbyes\u00a0\u00bb uncode_shortcode_id=\u00a0\u00bb266991&Prime; text_color_type=\u00a0\u00bbuncode-palette\u00a0\u00bb text_color_solid=\u00a0\u00bb#ff0000&Prime; subheading=\u00a0\u00bb<strong>Service interne des ventes<\/strong><br \/>\nmailbox@landenberg.ch<br \/>\n+41 71 274 20 91&Prime;]Janina Schr\u00f6der[\/vc_custom_heading][\/vc_column_inner][vc_column_inner width=\u00a0\u00bb1\/4&Prime;][vc_single_image media=\u00a0\u00bb7&Prime; media_width_percent=\u00a0\u00bb100&Prime; shape=\u00a0\u00bbimg-circle\u00a0\u00bb desktop_visibility=\u00a0\u00bbyes\u00a0\u00bb medium_visibility=\u00a0\u00bbyes\u00a0\u00bb mobile_visibility=\u00a0\u00bbyes\u00a0\u00bb uncode_shortcode_id=\u00a0\u00bb293354&Prime;][vc_custom_heading text_size=\u00a0\u00bbh4&Prime; separator=\u00a0\u00bbyes\u00a0\u00bb sub_reduced=\u00a0\u00bbyes\u00a0\u00bb uncode_shortcode_id=\u00a0\u00bb563660&Prime; text_color_type=\u00a0\u00bbuncode-palette\u00a0\u00bb text_color_solid=\u00a0\u00bb#ff0000&Prime; subheading=\u00a0\u00bb<strong>Graphisme et marketing | Service commercial interne<\/strong><br \/>\nmailbox@landenberg.ch<br \/>\n+41 71 274 20 91&Prime;]Nina Bolting[\/vc_custom_heading][\/vc_column_inner][vc_column_inner width=\u00a0\u00bb1\/4&Prime;][\/vc_column_inner][\/vc_row_inner][vc_empty_space empty_h=\u00a0\u00bb2&Prime;][\/vc_column][\/vc_row][vc_row row_height_percent=\u00a0\u00bb0&Prime; overlay_alpha=\u00a0\u00bb50&Prime; gutter_size=\u00a0\u00bb3&Prime; column_width_percent=\u00a0\u00bb100&Prime; shift_y=\u00a0\u00bb0&Prime; z_index=\u00a0\u00bb0&Prime; uncode_shortcode_id=\u00a0\u00bb189129&Prime;][vc_column width=\u00a0\u00bb1\/1&Prime;][vc_custom_heading uncode_shortcode_id=\u00a0\u00bb577987&Prime;]Plan d&rsquo;acc\u00e8s[\/vc_custom_heading][vc_empty_space empty_h=\u00a0\u00bb2&Prime;][\/vc_column][\/vc_row][vc_row row_height_percent=\u00a0\u00bb0&Prime; overlay_alpha=\u00a0\u00bb50&Prime; gutter_size=\u00a0\u00bb3&Prime; column_width_percent=\u00a0\u00bb100&Prime; shift_y=\u00a0\u00bb0&Prime; z_index=\u00a0\u00bb0&Prime; uncode_shortcode_id=\u00a0\u00bb144752&Prime;][vc_column width=\u00a0\u00bb1\/1&Prime;][vc_custom_heading sub_reduced=\u00a0\u00bbyes\u00a0\u00bb uncode_shortcode_id=\u00a0\u00bb198836&Prime;]Heures d&rsquo;ouverture[\/vc_custom_heading][vc_row_inner][vc_column_inner width=\u00a0\u00bb1\/3&Prime;][vc_custom_heading heading_semantic=\u00a0\u00bbh3&Prime; text_size=\u00a0\u00bbh3&Prime; sub_reduced=\u00a0\u00bbyes\u00a0\u00bb uncode_shortcode_id=\u00a0\u00bb102072&Prime;]Heures de bureau[\/vc_custom_heading][vc_column_text uncode_shortcode_id=\u00a0\u00bb113702&Prime;]<strong>Du lundi au vendredi :<\/strong><br \/>\n08:00 &#8211; 12:00<br \/>\n13:30 &#8211; 16:30[\/vc_column_text][\/vc_column_inner][vc_column_inner width=\u00a0\u00bb2\/3&Prime;][vc_custom_heading heading_semantic=\u00a0\u00bbh3&Prime; text_size=\u00a0\u00bbh3&Prime; sub_reduced=\u00a0\u00bbyes\u00a0\u00bb uncode_shortcode_id=\u00a0\u00bb157211&Prime;]Salle d&rsquo;exposition[\/vc_custom_heading][vc_column_text uncode_shortcode_id=\u00a0\u00bb850534&Prime;]Les visites sont possibles <strong>sur rendez-vous<\/strong> pendant les heures de bureau.[\/vc_column_text][\/vc_column_inner][\/vc_row_inner][\/vc_column][\/vc_row][vc_row row_height_percent=\u00a0\u00bb0&Prime; overlay_alpha=\u00a0\u00bb50&Prime; gutter_size=\u00a0\u00bb3&Prime; column_width_percent=\u00a0\u00bb100&Prime; shift_y=\u00a0\u00bb0&Prime; z_index=\u00a0\u00bb0&Prime; desktop_visibility=\u00a0\u00bbyes\u00a0\u00bb medium_visibility=\u00a0\u00bbyes\u00a0\u00bb mobile_visibility=\u00a0\u00bbyes\u00a0\u00bb uncode_shortcode_id=\u00a0\u00bb206132&Prime;][vc_column width=\u00a0\u00bb1\/1&Prime;]<p class=\"wpcf7-contact-form-not-found\"><strong>Erreur\u00a0:<\/strong> Formulaire de contact non trouv\u00e9\u00a0!<\/p>[\/vc_column][\/vc_row]<\/p>\n<\/div>","protected":false},"excerpt":{"rendered":"<p>[vc_row row_height_percent=\u00a0\u00bb100&Prime; override_padding=\u00a0\u00bbyes\u00a0\u00bb h_padding=\u00a0\u00bb2&Prime; top_padding=\u00a0\u00bb7&Prime; bottom_padding=\u00a0\u00bb7&Prime; back_color=\u00a0\u00bbcolor-nhtu\u00a0\u00bb back_image=\u00a0\u00bb118090&Prime; back_position=\u00a0\u00bbcenter top\u00a0\u00bb overlay_color=\u00a0\u00bbcolor-nhtu\u00a0\u00bb overlay_alpha=\u00a0\u00bb15&Prime; gutter_size=\u00a0\u00bb4&Prime; column_width_percent=\u00a0\u00bb100&Prime; shift_y=\u00a0\u00bb0&Prime; z_index=\u00a0\u00bb0&Prime; enable_bottom_divider=\u00a0\u00bbdefault\u00a0\u00bb bottom_divider=\u00a0\u00bbgradient\u00a0\u00bb shape_bottom_h_use_pixel=\u00a0\u00bbtrue\u00a0\u00bb shape_bottom_height_percent=\u00a0\u00bb65&Prime; [&hellip;]<\/p>\n","protected":false},"author":1,"featured_media":0,"parent":0,"menu_order":40,"comment_status":"closed","ping_status":"closed","template":"","meta":{"footnotes":""},"class_list":["post-118893","page","type-page","status-publish","hentry"],"yoast_head":"<!-- This site is optimized with the Yoast SEO plugin v27.3 - https:\/\/yoast.com\/product\/yoast-seo-wordpress\/ -->\n<title>\u00c0 propos de nous - Landenberg<\/title>\n<meta name=\"robots\" content=\"index, follow, max-snippet:-1, max-image-preview:large, max-video-preview:-1\" \/>\n<link rel=\"canonical\" href=\"https:\/\/landenberg.ch\/fr\/a-propos-de-nous\/\" \/>\n<meta property=\"og:locale\" content=\"fr_FR\" \/>\n<meta property=\"og:type\" content=\"article\" \/>\n<meta property=\"og:title\" content=\"\u00c0 propos de nous - Landenberg\" \/>\n<meta property=\"og:description\" content=\"[vc_row row_height_percent=\u00a0\u00bb100&Prime; override_padding=\u00a0\u00bbyes\u00a0\u00bb h_padding=\u00a0\u00bb2&Prime; top_padding=\u00a0\u00bb7&Prime; bottom_padding=\u00a0\u00bb7&Prime; back_color=\u00a0\u00bbcolor-nhtu\u00a0\u00bb back_image=\u00a0\u00bb118090&Prime; back_position=\u00a0\u00bbcenter top\u00a0\u00bb overlay_color=\u00a0\u00bbcolor-nhtu\u00a0\u00bb overlay_alpha=\u00a0\u00bb15&Prime; gutter_size=\u00a0\u00bb4&Prime; column_width_percent=\u00a0\u00bb100&Prime; shift_y=\u00a0\u00bb0&Prime; z_index=\u00a0\u00bb0&Prime; enable_bottom_divider=\u00a0\u00bbdefault\u00a0\u00bb bottom_divider=\u00a0\u00bbgradient\u00a0\u00bb shape_bottom_h_use_pixel=\u00a0\u00bbtrue\u00a0\u00bb shape_bottom_height_percent=\u00a0\u00bb65&Prime; [&hellip;]\" \/>\n<meta property=\"og:url\" content=\"https:\/\/landenberg.ch\/fr\/a-propos-de-nous\/\" \/>\n<meta property=\"og:site_name\" content=\"Landenberg\" \/>\n<meta property=\"article:publisher\" content=\"https:\/\/www.facebook.com\/LandenbergAG\/\" \/>\n<meta property=\"article:modified_time\" content=\"2026-02-20T10:05:47+00:00\" \/>\n<meta name=\"twitter:card\" content=\"summary_large_image\" \/>\n<meta name=\"twitter:label1\" content=\"Dur\u00e9e de lecture estim\u00e9e\" \/>\n\t<meta name=\"twitter:data1\" content=\"8 minutes\" \/>\n<script type=\"application\/ld+json\" class=\"yoast-schema-graph\">{\"@context\":\"https:\\\/\\\/schema.org\",\"@graph\":[{\"@type\":\"WebPage\",\"@id\":\"https:\\\/\\\/landenberg.ch\\\/fr\\\/a-propos-de-nous\\\/\",\"url\":\"https:\\\/\\\/landenberg.ch\\\/fr\\\/a-propos-de-nous\\\/\",\"name\":\"\u00c0 propos de nous - Landenberg\",\"isPartOf\":{\"@id\":\"https:\\\/\\\/landenberg.ch\\\/#website\"},\"datePublished\":\"2022-12-14T21:12:26+00:00\",\"dateModified\":\"2026-02-20T10:05:47+00:00\",\"breadcrumb\":{\"@id\":\"https:\\\/\\\/landenberg.ch\\\/fr\\\/a-propos-de-nous\\\/#breadcrumb\"},\"inLanguage\":\"fr-FR\",\"potentialAction\":[{\"@type\":\"ReadAction\",\"target\":[\"https:\\\/\\\/landenberg.ch\\\/fr\\\/a-propos-de-nous\\\/\"]}]},{\"@type\":\"BreadcrumbList\",\"@id\":\"https:\\\/\\\/landenberg.ch\\\/fr\\\/a-propos-de-nous\\\/#breadcrumb\",\"itemListElement\":[{\"@type\":\"ListItem\",\"position\":1,\"name\":\"Startseite\",\"item\":\"https:\\\/\\\/landenberg.ch\\\/fr\\\/landenberg-ag-diversite-textile\\\/\"},{\"@type\":\"ListItem\",\"position\":2,\"name\":\"\u00c0 propos de nous\"}]},{\"@type\":\"WebSite\",\"@id\":\"https:\\\/\\\/landenberg.ch\\\/#website\",\"url\":\"https:\\\/\\\/landenberg.ch\\\/\",\"name\":\"Landenberg AG\",\"description\":\"Textile Vielfalt aus der Schweiz\",\"publisher\":{\"@id\":\"https:\\\/\\\/landenberg.ch\\\/#organization\"},\"potentialAction\":[{\"@type\":\"SearchAction\",\"target\":{\"@type\":\"EntryPoint\",\"urlTemplate\":\"https:\\\/\\\/landenberg.ch\\\/?s={search_term_string}\"},\"query-input\":{\"@type\":\"PropertyValueSpecification\",\"valueRequired\":true,\"valueName\":\"search_term_string\"}}],\"inLanguage\":\"fr-FR\"},{\"@type\":\"Organization\",\"@id\":\"https:\\\/\\\/landenberg.ch\\\/#organization\",\"name\":\"Landenberg AG\",\"url\":\"https:\\\/\\\/landenberg.ch\\\/\",\"logo\":{\"@type\":\"ImageObject\",\"inLanguage\":\"fr-FR\",\"@id\":\"https:\\\/\\\/landenberg.ch\\\/#\\\/schema\\\/logo\\\/image\\\/\",\"url\":\"https:\\\/\\\/landenberg.ch\\\/wp-content\\\/uploads\\\/2022\\\/11\\\/Landenberg_P-333C.png\",\"contentUrl\":\"https:\\\/\\\/landenberg.ch\\\/wp-content\\\/uploads\\\/2022\\\/11\\\/Landenberg_P-333C.png\",\"width\":1035,\"height\":191,\"caption\":\"Landenberg AG\"},\"image\":{\"@id\":\"https:\\\/\\\/landenberg.ch\\\/#\\\/schema\\\/logo\\\/image\\\/\"},\"sameAs\":[\"https:\\\/\\\/www.facebook.com\\\/LandenbergAG\\\/\",\"https:\\\/\\\/www.instagram.com\\\/landenbergag\\\/\",\"https:\\\/\\\/ch.linkedin.com\\\/company\\\/stardecor-landenberg\"]}]}<\/script>\n<!-- \/ Yoast SEO plugin. -->","yoast_head_json":{"title":"\u00c0 propos de nous - Landenberg","robots":{"index":"index","follow":"follow","max-snippet":"max-snippet:-1","max-image-preview":"max-image-preview:large","max-video-preview":"max-video-preview:-1"},"canonical":"https:\/\/landenberg.ch\/fr\/a-propos-de-nous\/","og_locale":"fr_FR","og_type":"article","og_title":"\u00c0 propos de nous - Landenberg","og_description":"[vc_row row_height_percent=\u00a0\u00bb100&Prime; override_padding=\u00a0\u00bbyes\u00a0\u00bb h_padding=\u00a0\u00bb2&Prime; top_padding=\u00a0\u00bb7&Prime; bottom_padding=\u00a0\u00bb7&Prime; back_color=\u00a0\u00bbcolor-nhtu\u00a0\u00bb back_image=\u00a0\u00bb118090&Prime; back_position=\u00a0\u00bbcenter top\u00a0\u00bb overlay_color=\u00a0\u00bbcolor-nhtu\u00a0\u00bb overlay_alpha=\u00a0\u00bb15&Prime; gutter_size=\u00a0\u00bb4&Prime; column_width_percent=\u00a0\u00bb100&Prime; shift_y=\u00a0\u00bb0&Prime; z_index=\u00a0\u00bb0&Prime; enable_bottom_divider=\u00a0\u00bbdefault\u00a0\u00bb bottom_divider=\u00a0\u00bbgradient\u00a0\u00bb shape_bottom_h_use_pixel=\u00a0\u00bbtrue\u00a0\u00bb shape_bottom_height_percent=\u00a0\u00bb65&Prime; [&hellip;]","og_url":"https:\/\/landenberg.ch\/fr\/a-propos-de-nous\/","og_site_name":"Landenberg","article_publisher":"https:\/\/www.facebook.com\/LandenbergAG\/","article_modified_time":"2026-02-20T10:05:47+00:00","twitter_card":"summary_large_image","twitter_misc":{"Dur\u00e9e de lecture estim\u00e9e":"8 minutes"},"schema":{"@context":"https:\/\/schema.org","@graph":[{"@type":"WebPage","@id":"https:\/\/landenberg.ch\/fr\/a-propos-de-nous\/","url":"https:\/\/landenberg.ch\/fr\/a-propos-de-nous\/","name":"\u00c0 propos de nous - Landenberg","isPartOf":{"@id":"https:\/\/landenberg.ch\/#website"},"datePublished":"2022-12-14T21:12:26+00:00","dateModified":"2026-02-20T10:05:47+00:00","breadcrumb":{"@id":"https:\/\/landenberg.ch\/fr\/a-propos-de-nous\/#breadcrumb"},"inLanguage":"fr-FR","potentialAction":[{"@type":"ReadAction","target":["https:\/\/landenberg.ch\/fr\/a-propos-de-nous\/"]}]},{"@type":"BreadcrumbList","@id":"https:\/\/landenberg.ch\/fr\/a-propos-de-nous\/#breadcrumb","itemListElement":[{"@type":"ListItem","position":1,"name":"Startseite","item":"https:\/\/landenberg.ch\/fr\/landenberg-ag-diversite-textile\/"},{"@type":"ListItem","position":2,"name":"\u00c0 propos de nous"}]},{"@type":"WebSite","@id":"https:\/\/landenberg.ch\/#website","url":"https:\/\/landenberg.ch\/","name":"Landenberg AG","description":"Textile Vielfalt aus der Schweiz","publisher":{"@id":"https:\/\/landenberg.ch\/#organization"},"potentialAction":[{"@type":"SearchAction","target":{"@type":"EntryPoint","urlTemplate":"https:\/\/landenberg.ch\/?s={search_term_string}"},"query-input":{"@type":"PropertyValueSpecification","valueRequired":true,"valueName":"search_term_string"}}],"inLanguage":"fr-FR"},{"@type":"Organization","@id":"https:\/\/landenberg.ch\/#organization","name":"Landenberg AG","url":"https:\/\/landenberg.ch\/","logo":{"@type":"ImageObject","inLanguage":"fr-FR","@id":"https:\/\/landenberg.ch\/#\/schema\/logo\/image\/","url":"https:\/\/landenberg.ch\/wp-content\/uploads\/2022\/11\/Landenberg_P-333C.png","contentUrl":"https:\/\/landenberg.ch\/wp-content\/uploads\/2022\/11\/Landenberg_P-333C.png","width":1035,"height":191,"caption":"Landenberg AG"},"image":{"@id":"https:\/\/landenberg.ch\/#\/schema\/logo\/image\/"},"sameAs":["https:\/\/www.facebook.com\/LandenbergAG\/","https:\/\/www.instagram.com\/landenbergag\/","https:\/\/ch.linkedin.com\/company\/stardecor-landenberg"]}]}},"_links":{"self":[{"href":"https:\/\/landenberg.ch\/fr\/wp-json\/wp\/v2\/pages\/118893","targetHints":{"allow":["GET"]}}],"collection":[{"href":"https:\/\/landenberg.ch\/fr\/wp-json\/wp\/v2\/pages"}],"about":[{"href":"https:\/\/landenberg.ch\/fr\/wp-json\/wp\/v2\/types\/page"}],"author":[{"embeddable":true,"href":"https:\/\/landenberg.ch\/fr\/wp-json\/wp\/v2\/users\/1"}],"replies":[{"embeddable":true,"href":"https:\/\/landenberg.ch\/fr\/wp-json\/wp\/v2\/comments?post=118893"}],"version-history":[{"count":91,"href":"https:\/\/landenberg.ch\/fr\/wp-json\/wp\/v2\/pages\/118893\/revisions"}],"predecessor-version":[{"id":119704,"href":"https:\/\/landenberg.ch\/fr\/wp-json\/wp\/v2\/pages\/118893\/revisions\/119704"}],"wp:attachment":[{"href":"https:\/\/landenberg.ch\/fr\/wp-json\/wp\/v2\/media?parent=118893"}],"curies":[{"name":"wp","href":"https:\/\/api.w.org\/{rel}","templated":true}]}}